{"id":401,"date":"2019-07-23T21:25:22","date_gmt":"2019-07-23T20:25:22","guid":{"rendered":"http:\/\/lzrfv-oberberg-sued.herking.de\/?page_id=401"},"modified":"2025-12-16T18:26:24","modified_gmt":"2025-12-16T17:26:24","slug":"voltigieren","status":"publish","type":"page","link":"http:\/\/lzrfv-oberberg-sued.herking.de\/?page_id=401","title":{"rendered":"Voltigieren"},"content":{"rendered":"\t\t<div data-elementor-type=\"wp-post\" data-elementor-id=\"401\" class=\"elementor elementor-401\">\n\t\t\t\t\t\t<section class=\"elementor-section elementor-top-section elementor-element elementor-element-f252e5f elementor-section-boxed elementor-section-height-default elementor-section-height-default\" data-id=\"f252e5f\" data-element_type=\"section\" data-e-type=\"section\">\n\t\t\t\t\t\t<div class=\"elementor-container elementor-column-gap-default\">\n\t\t\t\t\t<div class=\"elementor-column elementor-col-100 elementor-top-column elementor-element elementor-element-e21046c\" data-id=\"e21046c\" data-element_type=\"column\" data-e-type=\"column\">\n\t\t\t<div class=\"elementor-widget-wrap elementor-element-populated\">\n\t\t\t\t\t\t<div class=\"elementor-element elementor-element-118e4c0 elementor-tabs-view-horizontal elementor-widget elementor-widget-tabs\" data-id=\"118e4c0\" data-element_type=\"widget\" data-e-type=\"widget\" data-widget_type=\"tabs.default\">\n\t\t\t\t<div class=\"elementor-widget-container\">\n\t\t\t\t\t\t\t<div class=\"elementor-tabs\">\n\t\t\t<div class=\"elementor-tabs-wrapper\" role=\"tablist\" >\n\t\t\t\t\t\t\t\t\t<div id=\"elementor-tab-title-1841\" class=\"elementor-tab-title elementor-tab-desktop-title\" aria-selected=\"true\" data-tab=\"1\" role=\"tab\" tabindex=\"0\" aria-controls=\"elementor-tab-content-1841\" aria-expanded=\"false\">Voltigieren<\/div>\n\t\t\t\t\t\t\t\t\t<div id=\"elementor-tab-title-1842\" class=\"elementor-tab-title elementor-tab-desktop-title\" aria-selected=\"false\" data-tab=\"2\" role=\"tab\" tabindex=\"-1\" aria-controls=\"elementor-tab-content-1842\" aria-expanded=\"false\">Gruppen<\/div>\n\t\t\t\t\t\t\t\t\t<div id=\"elementor-tab-title-1843\" class=\"elementor-tab-title elementor-tab-desktop-title\" aria-selected=\"false\" data-tab=\"3\" role=\"tab\" tabindex=\"-1\" aria-controls=\"elementor-tab-content-1843\" aria-expanded=\"false\">Trainingszeiten<\/div>\n\t\t\t\t\t\t\t\t\t<div id=\"elementor-tab-title-1844\" class=\"elementor-tab-title elementor-tab-desktop-title\" aria-selected=\"false\" data-tab=\"4\" role=\"tab\" tabindex=\"-1\" aria-controls=\"elementor-tab-content-1844\" aria-expanded=\"false\">Berichte<\/div>\n\t\t\t\t\t\t\t<\/div>\n\t\t\t<div class=\"elementor-tabs-content-wrapper\" role=\"tablist\" aria-orientation=\"vertical\">\n\t\t\t\t\t\t\t\t\t<div class=\"elementor-tab-title elementor-tab-mobile-title\" aria-selected=\"true\" data-tab=\"1\" role=\"tab\" tabindex=\"0\" aria-controls=\"elementor-tab-content-1841\" aria-expanded=\"false\">Voltigieren<\/div>\n\t\t\t\t\t<div id=\"elementor-tab-content-1841\" class=\"elementor-tab-content elementor-clearfix\" data-tab=\"1\" role=\"tabpanel\" aria-labelledby=\"elementor-tab-title-1841\" tabindex=\"0\" hidden=\"false\"><h3>F\u00fcr Schnupperstunden k\u00f6nnen Sie sich gerne an Bianca 0170\/5242545 wenden.\u00a0<\/h3><h3>Eine Schnupperstunde kostet 13 \u20ac.<\/h3><h3>Wir bieten Voltigieren regul\u00e4r ab 5 Jahren (im Einzelfall auch schon ab 4 Jahren)\u00a0 bis ins hohe Alter an.<\/h3><h3>Insgesamt haben wir 7 Volti-Gruppen, die verschiedene Leistungsklassen haben.\u00a0<\/h3><h3>F\u00fcr uns ist wichtig, dass das Pferd nicht als &#8222;Sportger\u00e4t&#8220; angesehen wird, sondern als Partner.\u00a0<\/h3><h3>Neben dem Pferdetraining gibt es bei uns auch Training auf dem Holzpferd und Movie (galoppierendes Holzpferd).<\/h3><h3>Aus gegebenen Anl\u00e4ssen (z.B. vor Turnieren) oder auf Wunsch, bieten wir auch Eltern-Kind-Voltigieren auf dem Movie an.\u00a0<\/h3><\/div>\n\t\t\t\t\t\t\t\t\t<div class=\"elementor-tab-title elementor-tab-mobile-title\" aria-selected=\"false\" data-tab=\"2\" role=\"tab\" tabindex=\"-1\" aria-controls=\"elementor-tab-content-1842\" aria-expanded=\"false\">Gruppen<\/div>\n\t\t\t\t\t<div id=\"elementor-tab-content-1842\" class=\"elementor-tab-content elementor-clearfix\" data-tab=\"2\" role=\"tabpanel\" aria-labelledby=\"elementor-tab-title-1842\" tabindex=\"0\" hidden=\"hidden\"><h3>\u00a0<\/h3><h3><img fetchpriority=\"high\" decoding=\"async\" class=\"wp-image-643 size-medium alignleft\" src=\"http:\/\/lzrfv-oberberg-sued.herking.de\/wp-content\/uploads\/2021\/11\/IMG-20211030-WA0020-e1670931457242-167x300.jpg\" alt=\"\" width=\"167\" height=\"300\" srcset=\"http:\/\/lzrfv-oberberg-sued.herking.de\/wp-content\/uploads\/2021\/11\/IMG-20211030-WA0020-e1670931457242-167x300.jpg 167w, http:\/\/lzrfv-oberberg-sued.herking.de\/wp-content\/uploads\/2021\/11\/IMG-20211030-WA0020-e1670931457242.jpg 471w\" sizes=\"(max-width: 167px) 100vw, 167px\" \/><\/h3><h3><span style=\"text-decoration: underline;\">Turniergruppe 1<\/span><\/h3><h3>Trainerinnen Janine und Sarah<\/h3><h3>Voltis:\u00a0<\/h3><h3>Fenja, Stefanie, Fenja, Juno, Emma, Ella, Amy, Asya, Lilly, Henriette<\/h3><p>\u00a0<\/p><p>\u00a0<\/p><p>\u00a0<\/p><p>\u00a0<\/p><p>\u00a0<img decoding=\"async\" class=\"size-medium wp-image-2182 alignleft\" src=\"http:\/\/lzrfv-oberberg-sued.herking.de\/wp-content\/uploads\/2025\/12\/Fairy-2-225x300.jpeg\" alt=\"\" width=\"225\" height=\"300\" srcset=\"http:\/\/lzrfv-oberberg-sued.herking.de\/wp-content\/uploads\/2025\/12\/Fairy-2-225x300.jpeg 225w, http:\/\/lzrfv-oberberg-sued.herking.de\/wp-content\/uploads\/2025\/12\/Fairy-2-768x1024.jpeg 768w, http:\/\/lzrfv-oberberg-sued.herking.de\/wp-content\/uploads\/2025\/12\/Fairy-2-1152x1536.jpeg 1152w, http:\/\/lzrfv-oberberg-sued.herking.de\/wp-content\/uploads\/2025\/12\/Fairy-2.jpeg 1200w\" sizes=\"(max-width: 225px) 100vw, 225px\" \/><\/p><p>\u00a0<\/p><h3><span style=\"text-decoration: underline;\">Einh\u00f6rner<\/span><\/h3><h3>Trainerinnen Simone, Karla und Bianca<\/h3><h3>Voltis:\u00a0<\/h3><h3>Estella, Jolina, Alina, Marlene, Greta, Mia, Linja, Ci\u00e9lle<\/h3><div>\u00a0<\/div><div>\u00a0<\/div><div>\u00a0<\/div><div>\u00a0<\/div><div>\u00a0<\/div><div>\u00a0<\/div><p><img decoding=\"async\" class=\"alignleft\" src=\"http:\/\/lzrfv-oberberg-sued.herking.de\/wp-content\/uploads\/2025\/12\/Fairy-2-225x300.jpeg\" \/><\/p><p>\u00a0<\/p><div>\u00a0<\/div><h3><span style=\"text-decoration: underline;\">Eulen<\/span><\/h3><h3>Trainerinnen\u00a0 Karla, Bianca und Karina<\/h3><h3>Voltis:\u00a0<\/h3><h3>Rosalie, Hannah, Clara, Lea, Louisa, Emilia, Maryam, Meliha, Frieda, Hanna<\/h3><p>\u00a0<\/p><p>\u00a0<\/p><h3><a href=\"http:\/\/lzrfv-oberberg-sued.herking.de\/?attachment_id=629\" rel=\"attachment wp-att-629\"><img decoding=\"async\" class=\" wp-image-629 alignleft\" src=\"http:\/\/lzrfv-oberberg-sued.herking.de\/wp-content\/uploads\/2021\/10\/IMG_0304-150x150.jpg\" alt=\"\" width=\"195\" height=\"195\" \/><\/a><\/h3><h3><span style=\"text-decoration: underline;\">Schildkr\u00f6ten<\/span><\/h3><h3>Trainerinnen Simone, Nele, Ella und Amy<\/h3><h3>Voltis:<\/h3><h3>Finja, Franziska, Martha, Ella, Noemi, Nele, Ella, Paulina, Madlen, Lenie<\/h3><h3>\u00a0<\/h3><h3>\u00a0<\/h3><p><img loading=\"lazy\" decoding=\"async\" class=\"size-medium wp-image-2186 alignleft\" src=\"http:\/\/lzrfv-oberberg-sued.herking.de\/wp-content\/uploads\/2025\/12\/Susie-199x300.jpeg\" alt=\"\" width=\"199\" height=\"300\" srcset=\"http:\/\/lzrfv-oberberg-sued.herking.de\/wp-content\/uploads\/2025\/12\/Susie-199x300.jpeg 199w, http:\/\/lzrfv-oberberg-sued.herking.de\/wp-content\/uploads\/2025\/12\/Susie-680x1024.jpeg 680w, http:\/\/lzrfv-oberberg-sued.herking.de\/wp-content\/uploads\/2025\/12\/Susie-768x1157.jpeg 768w, http:\/\/lzrfv-oberberg-sued.herking.de\/wp-content\/uploads\/2025\/12\/Susie-1020x1536.jpeg 1020w, http:\/\/lzrfv-oberberg-sued.herking.de\/wp-content\/uploads\/2025\/12\/Susie.jpeg 1062w\" sizes=\"(max-width: 199px) 100vw, 199px\" \/><\/p><p>\u00a0<\/p><h3><span style=\"text-decoration: underline;\">Seehunde<\/span><\/h3><h3>Trainerinnen Simone,\u00a0 Fenja und Asya<\/h3><h3>Voltis:\u00a0<\/h3><h3>Malia, Luisa, Milana, Elicia, Juli, Naemi, Sophia<\/h3><h3>\u00a0<\/h3><h3>\u00a0<\/h3><h3><a href=\"http:\/\/lzrfv-oberberg-sued.herking.de\/?attachment_id=629\" rel=\"attachment wp-att-629\"><img decoding=\"async\" class=\" wp-image-629 alignleft\" src=\"http:\/\/lzrfv-oberberg-sued.herking.de\/wp-content\/uploads\/2021\/10\/IMG_0304-150x150.jpg\" alt=\"\" width=\"195\" height=\"195\" \/><\/a><\/h3><h3><span style=\"text-decoration: underline;\">Pegasus<\/span><\/h3><h3>Trainerinnen Simone, Asya, Juno und Nele<\/h3><h3>Voltis:<\/h3><h3>Lia, Sophia, Amalia, Lena, Fatima<\/h3><\/div>\n\t\t\t\t\t\t\t\t\t<div class=\"elementor-tab-title elementor-tab-mobile-title\" aria-selected=\"false\" data-tab=\"3\" role=\"tab\" tabindex=\"-1\" aria-controls=\"elementor-tab-content-1843\" aria-expanded=\"false\">Trainingszeiten<\/div>\n\t\t\t\t\t<div id=\"elementor-tab-content-1843\" class=\"elementor-tab-content elementor-clearfix\" data-tab=\"3\" role=\"tabpanel\" aria-labelledby=\"elementor-tab-title-1843\" tabindex=\"0\" hidden=\"hidden\"><h1><span style=\"text-decoration: underline;\">Trainingszeiten<\/span><\/h1><h2><span style=\"text-decoration: underline;\">1 Mannschaft<\/span><\/h2><p>Montags 17:30 &#8211; 19:00 Uhr (Pferd)<\/p><p>Donnerstags 18:00 &#8211; 19:30 Uhr (Movie)<\/p><p>\u00a0<\/p><h2><span style=\"text-decoration: underline;\">Einh\u00f6rner<\/span><\/h2><p>Montags 16:30 &#8211; 18:00 Uhr<\/p><p>\u00a0<\/p><h2><span style=\"text-decoration: underline;\">Eulen\u00a0<\/span><\/h2><p>Mittwochs 17:00 &#8211; 18:30 Uhr<\/p><p>\u00a0<\/p><h2><span style=\"text-decoration: underline;\">Schildkr\u00f6ten<\/span><\/h2><p>Donnerstags 16:00 &#8211; 17:30 Uhr<\/p><p>\u00a0<\/p><h2><span style=\"text-decoration: underline;\">Seehunde<\/span><\/h2><p>Donnerstags 16:30 &#8211; 18:00 Uhr<\/p><p>\u00a0<\/p><h2><span style=\"text-decoration: underline;\">Pegasus<\/span><\/h2><p>Samstags 10:30 &#8211; 12:00 Uhr<\/p><p>\u00a0<\/p><p>Zusatztraining<\/p><p>Samstags 10:30 &#8211; 12:00 Uhr<\/p><\/div>\n\t\t\t\t\t\t\t\t\t<div class=\"elementor-tab-title elementor-tab-mobile-title\" aria-selected=\"false\" data-tab=\"4\" role=\"tab\" tabindex=\"-1\" aria-controls=\"elementor-tab-content-1844\" aria-expanded=\"false\">Berichte<\/div>\n\t\t\t\t\t<div id=\"elementor-tab-content-1844\" class=\"elementor-tab-content elementor-clearfix\" data-tab=\"4\" role=\"tabpanel\" aria-labelledby=\"elementor-tab-title-1844\" tabindex=\"0\" hidden=\"hidden\"><h3><a href=\"https:\/\/www.rheinische-anzeigenblaetter.de\/waldbroel\/c-sport\/voltigierer-waren-beim-turnier-erfolgreich_a344916\">Voltigierturnier: Voltigierer waren beim Turnier erfolgreich &#8211; Waldbr\u00f6l<\/a><\/h3><h3><img decoding=\"async\" src=\"https:\/\/media04.rheinische-anzeigenblaetter.de\/article\/0001\/01\/01\/2\/1192602_L.webp?-62135600008\" alt=\"Die Voltigierer zeigten beste Leistungen.  | Foto: (c) Verein\" \/><\/h3><h3>\u00a0<\/h3><p>Voltigierturnier<br \/>Voltigierer waren beim Turnier erfolgreich<br \/>Die Voltigierer zeigten beste Leistungen.<br \/><br \/>Happach (eif). Mit gro\u00dfer Zufriedenheit schaut der L\u00e4ndliche Zucht-,Reit-und Fahrverein Oberberg-S\u00fcd auf sein zweites gro\u00dfes Voltigierturnier zur\u00fcck. Der Verein konnte einige Erfolge verbuchen. Viele helfende H\u00e4nde hatten die Anlage vor dem Turnier \u201eauf Vordermann\u201c gebracht f\u00fcr die zahlreichen G\u00e4ste aus dem gesamten Rheinland und nat\u00fcrlich aus dem Oberrbergischen Kreis. Der zeitliche Ablauf war gut strukturiert, alles lief nach Plan, sodass auch die Richter voll des Lobes waren. Ebenso kam positives Feedback von den Teilnehmer*innen aus nah und fern. Alle Vereinsmitglieder hatten tatkr\u00e4ftig geholfen und zum Erfolg beigetragen.<\/p><p>Mit den Ergebnissen kann der gastgebende Verein sehr zufrieden sein: die erste Mannschaft landete auf Platz 1, ebenso wie die Mannschaft der \u201eKleinen\u201c, die \u201eEinh\u00f6rner\u201c, die ebenfalls den Sieg f\u00fcr sich verbuchen konnten. Bei den Doppelvoltigierern und den Moovie- und Bockabteilungen konnten die Happacher ebenfalls alle Teilnehmer plazieren. In Happach hat der Verein Oberberg-S\u00fcd sieben Mannschaften, die j\u00fcngsten Kinder sind f\u00fcnfJahre alt. Zur ersten Mannschaft bleibt zu erw\u00e4hnen, dass alle Mitglieder mittlerweile auf dem Weg zum Cotrainer sind, Lehrg\u00e4nge besuchen und die Kleinen aus den anderen Mannschaften aktiv in ihren \u00dcbungsstunden unterst\u00fctzen. (Artikel aus dem Rheinischen Anzeigebl\u00e4tter)<\/p><h3>\u00a0<\/h3><h3>\u00a0<\/h3><h3><img loading=\"lazy\" decoding=\"async\" class=\"size-thumbnail wp-image-710 alignleft\" src=\"http:\/\/lzrfv-oberberg-sued.herking.de\/wp-content\/uploads\/2021\/11\/IMG-20211005-WA0019-150x150.jpg\" alt=\"\" width=\"150\" height=\"150\" \/><img loading=\"lazy\" decoding=\"async\" class=\"size-thumbnail wp-image-726 alignleft\" src=\"http:\/\/lzrfv-oberberg-sued.herking.de\/wp-content\/uploads\/2021\/11\/IMG-20211111-WA0016-150x150.jpg\" alt=\"\" width=\"150\" height=\"150\" srcset=\"http:\/\/lzrfv-oberberg-sued.herking.de\/wp-content\/uploads\/2021\/11\/IMG-20211111-WA0016-150x150.jpg 150w, http:\/\/lzrfv-oberberg-sued.herking.de\/wp-content\/uploads\/2021\/11\/IMG-20211111-WA0016-300x300.jpg 300w, http:\/\/lzrfv-oberberg-sued.herking.de\/wp-content\/uploads\/2021\/11\/IMG-20211111-WA0016-768x768.jpg 768w, http:\/\/lzrfv-oberberg-sued.herking.de\/wp-content\/uploads\/2021\/11\/IMG-20211111-WA0016.jpg 792w\" sizes=\"(max-width: 150px) 100vw, 150px\" \/><\/h3><h3>\u00a0<\/h3><h3 style=\"text-align: center;\">Unsere 1. Mannschaft erreichte beim Voltiturnier in Much-Seelscheid den 2. Platz\u00a0<\/h3><h3 style=\"text-align: center;\">\u00a0<\/h3><h3 style=\"text-align: center;\">\u00a0<\/h3><h3 style=\"text-align: center;\"><img loading=\"lazy\" decoding=\"async\" class=\"size-thumbnail wp-image-720 alignleft\" src=\"http:\/\/lzrfv-oberberg-sued.herking.de\/wp-content\/uploads\/2021\/11\/IMG-20211111-WA0010-150x150.jpg\" alt=\"\" width=\"150\" height=\"150\" srcset=\"http:\/\/lzrfv-oberberg-sued.herking.de\/wp-content\/uploads\/2021\/11\/IMG-20211111-WA0010-150x150.jpg 150w, http:\/\/lzrfv-oberberg-sued.herking.de\/wp-content\/uploads\/2021\/11\/IMG-20211111-WA0010-300x300.jpg 300w, http:\/\/lzrfv-oberberg-sued.herking.de\/wp-content\/uploads\/2021\/11\/IMG-20211111-WA0010-1024x1024.jpg 1024w, http:\/\/lzrfv-oberberg-sued.herking.de\/wp-content\/uploads\/2021\/11\/IMG-20211111-WA0010-768x768.jpg 768w, http:\/\/lzrfv-oberberg-sued.herking.de\/wp-content\/uploads\/2021\/11\/IMG-20211111-WA0010.jpg 1080w\" sizes=\"(max-width: 150px) 100vw, 150px\" \/> <img loading=\"lazy\" decoding=\"async\" class=\"size-thumbnail wp-image-721 alignleft\" src=\"http:\/\/lzrfv-oberberg-sued.herking.de\/wp-content\/uploads\/2021\/11\/IMG-20211111-WA0011-150x150.jpg\" alt=\"\" width=\"150\" height=\"150\" srcset=\"http:\/\/lzrfv-oberberg-sued.herking.de\/wp-content\/uploads\/2021\/11\/IMG-20211111-WA0011-150x150.jpg 150w, http:\/\/lzrfv-oberberg-sued.herking.de\/wp-content\/uploads\/2021\/11\/IMG-20211111-WA0011-300x300.jpg 300w, http:\/\/lzrfv-oberberg-sued.herking.de\/wp-content\/uploads\/2021\/11\/IMG-20211111-WA0011-1024x1024.jpg 1024w, http:\/\/lzrfv-oberberg-sued.herking.de\/wp-content\/uploads\/2021\/11\/IMG-20211111-WA0011-768x768.jpg 768w, http:\/\/lzrfv-oberberg-sued.herking.de\/wp-content\/uploads\/2021\/11\/IMG-20211111-WA0011.jpg 1080w\" sizes=\"(max-width: 150px) 100vw, 150px\" \/> <img loading=\"lazy\" decoding=\"async\" class=\"size-thumbnail wp-image-722 alignleft\" src=\"http:\/\/lzrfv-oberberg-sued.herking.de\/wp-content\/uploads\/2021\/11\/IMG-20211111-WA0012-150x150.jpg\" alt=\"\" width=\"150\" height=\"150\" srcset=\"http:\/\/lzrfv-oberberg-sued.herking.de\/wp-content\/uploads\/2021\/11\/IMG-20211111-WA0012-150x150.jpg 150w, http:\/\/lzrfv-oberberg-sued.herking.de\/wp-content\/uploads\/2021\/11\/IMG-20211111-WA0012-300x300.jpg 300w, http:\/\/lzrfv-oberberg-sued.herking.de\/wp-content\/uploads\/2021\/11\/IMG-20211111-WA0012-1024x1024.jpg 1024w, http:\/\/lzrfv-oberberg-sued.herking.de\/wp-content\/uploads\/2021\/11\/IMG-20211111-WA0012-768x768.jpg 768w, http:\/\/lzrfv-oberberg-sued.herking.de\/wp-content\/uploads\/2021\/11\/IMG-20211111-WA0012.jpg 1080w\" sizes=\"(max-width: 150px) 100vw, 150px\" \/> <img loading=\"lazy\" decoding=\"async\" class=\"size-thumbnail wp-image-723 alignleft\" src=\"http:\/\/lzrfv-oberberg-sued.herking.de\/wp-content\/uploads\/2021\/11\/IMG-20211111-WA0013-150x150.jpg\" alt=\"\" width=\"150\" height=\"150\" srcset=\"http:\/\/lzrfv-oberberg-sued.herking.de\/wp-content\/uploads\/2021\/11\/IMG-20211111-WA0013-150x150.jpg 150w, http:\/\/lzrfv-oberberg-sued.herking.de\/wp-content\/uploads\/2021\/11\/IMG-20211111-WA0013-300x300.jpg 300w, http:\/\/lzrfv-oberberg-sued.herking.de\/wp-content\/uploads\/2021\/11\/IMG-20211111-WA0013-1024x1024.jpg 1024w, http:\/\/lzrfv-oberberg-sued.herking.de\/wp-content\/uploads\/2021\/11\/IMG-20211111-WA0013-768x768.jpg 768w, http:\/\/lzrfv-oberberg-sued.herking.de\/wp-content\/uploads\/2021\/11\/IMG-20211111-WA0013.jpg 1080w\" sizes=\"(max-width: 150px) 100vw, 150px\" \/><img loading=\"lazy\" decoding=\"async\" class=\"size-thumbnail wp-image-724 alignleft\" src=\"http:\/\/lzrfv-oberberg-sued.herking.de\/wp-content\/uploads\/2021\/11\/IMG-20211111-WA0014-150x150.jpg\" alt=\"\" width=\"150\" height=\"150\" srcset=\"http:\/\/lzrfv-oberberg-sued.herking.de\/wp-content\/uploads\/2021\/11\/IMG-20211111-WA0014-150x150.jpg 150w, http:\/\/lzrfv-oberberg-sued.herking.de\/wp-content\/uploads\/2021\/11\/IMG-20211111-WA0014-300x300.jpg 300w, http:\/\/lzrfv-oberberg-sued.herking.de\/wp-content\/uploads\/2021\/11\/IMG-20211111-WA0014-1024x1024.jpg 1024w, http:\/\/lzrfv-oberberg-sued.herking.de\/wp-content\/uploads\/2021\/11\/IMG-20211111-WA0014-768x768.jpg 768w, http:\/\/lzrfv-oberberg-sued.herking.de\/wp-content\/uploads\/2021\/11\/IMG-20211111-WA0014.jpg 1080w\" sizes=\"(max-width: 150px) 100vw, 150px\" \/>\u00a0<\/h3><h3>\u00a0<\/h3><h3>\u00a0<\/h3><h3>\u00a0<\/h3><h3 style=\"text-align: center;\">Am 31.10.2021 waren unsere 1. und 2. Mannschaft, sowie einige Doppel und Einzel auf dem Movieturnier von RVV Equus.<\/h3><h3 style=\"text-align: center;\">Wir hatten sehr viel Spa\u00df und konnten uns 2x Gold und 1x Silber sichern.<\/h3><p>\u00a0<\/p><h1><img loading=\"lazy\" decoding=\"async\" class=\"size-medium wp-image-1289 alignleft\" src=\"http:\/\/lzrfv-oberberg-sued.herking.de\/wp-content\/uploads\/2023\/06\/WhatsApp-Bild-2023-06-03-um-17.24.16-300x225.jpg\" alt=\"\" width=\"300\" height=\"225\" srcset=\"http:\/\/lzrfv-oberberg-sued.herking.de\/wp-content\/uploads\/2023\/06\/WhatsApp-Bild-2023-06-03-um-17.24.16-300x225.jpg 300w, http:\/\/lzrfv-oberberg-sued.herking.de\/wp-content\/uploads\/2023\/06\/WhatsApp-Bild-2023-06-03-um-17.24.16-1024x768.jpg 1024w, http:\/\/lzrfv-oberberg-sued.herking.de\/wp-content\/uploads\/2023\/06\/WhatsApp-Bild-2023-06-03-um-17.24.16-768x576.jpg 768w, http:\/\/lzrfv-oberberg-sued.herking.de\/wp-content\/uploads\/2023\/06\/WhatsApp-Bild-2023-06-03-um-17.24.16-1536x1152.jpg 1536w, http:\/\/lzrfv-oberberg-sued.herking.de\/wp-content\/uploads\/2023\/06\/WhatsApp-Bild-2023-06-03-um-17.24.16.jpg 2016w\" sizes=\"(max-width: 300px) 100vw, 300px\" \/><\/h1><h1><span style=\"text-decoration: underline;\">Un<\/span><span style=\"text-decoration: underline;\">ser Voltigierturnier am 03.06.2023<\/span><\/h1><p>Am Samstag den 03.06.2023 fand bei uns endlich nochmal ein WBO Voltigierturnier statt. Nach drei Jahren Pause aufgrund von Corona war die Freude nat\u00fcrlich besonders gro\u00df!<\/p><p>Schon seit einigen Wochen liefen die Vorbereitungen auf Hochtouren und die ganze Anlage wurde mit Hilfe aller Vereinsmitglieder versch\u00f6nert und dekoriert. Wir haben uns sehr dar\u00fcber gefreut, dass bereits die ganz kleinen Voltigierer aus den \u201eKr\u00fcmelgruppen\u201c dabei waren und auch viele Eltern beim Putzen und Entstauben geholfen haben!<\/p><p>Nat\u00fcrlich geh\u00f6rten zu den Vorbereitungen auch einige Stunden Training, da alle unserer Gruppen auch selbst gestartet sind. Und das hat sich gelohnt!<\/p><p>Der Tag begann mit einer Pflicht Pr\u00fcfung im Galopp. Hier gingen wir zum ersten Mal mit dem neusten Voltigierpferd \u201eIvino\u201c an den Start und gewann den ersten Platz.<\/p><p>Es folgte eine Gruppenpr\u00fcfung im Galopp-Schritt, in der unsere zweite Mannschaft ebenfalls Gold holte.<\/p><p>Nach der Mittagspause folgten dann auch noch Pr\u00fcfungen auf dem \u201eMovie\u201c, unserem galoppierenden Holzpferd. Hier gewann die 1. Mannschaft beim Wettbewerb \u201eK\u00fcr Kreativ\u201c wieder den 1. Platz. Der 2. Platz ging an unsere Drachen und der 3. Platz an unsere Einh\u00f6rner. In dem WB \u201eKr\u00fcmmel-K\u00fcr\u201c siegten unsere Eulen&amp;Ph\u00f6nixe, der 2. Platz ging an unsere Seehunde&amp;Pegasus und der 3. Platz an unsere Pandas&amp;Schildk\u00f6ten.<\/p><p>Beim Doppel sicherten wir uns gleich zwei 2. Pl\u00e4tze. Lena &amp; Henni in der LPO Wertung und Lia &amp; Isabella in der WBO Wertung. Louisa &amp; Sophia belegten den 3. Platz und Amy &amp; Ella den 4. Platz.<\/p><p>Ganz besonders haben wir uns \u00fcber die mutigen Eltern gefreut, die beim \u201eFamilien-Doppel\u201c gemeinsam mit ihren Kindern selbst einmal auf dem \u201eMovie\u201c voltigierten.<\/p><p>Insgesamt gingen in den Wettbewerben \u00fcber 200 Voltigierer auch aus umliegenden Vereinen an den Start. Au\u00dferdem konnten wir viele Zuschauer und Besucher begr\u00fc\u00dfen. Da das Wetter nicht\u00a0besser h\u00e4tte sein k\u00f6nnen konnten wir viele Getr\u00e4nke und Kuchen verkaufen.<\/p><p>Dank der vielen flei\u00dfigen Helfer des Tages verlief der Turniertag wie geplant, alle Pr\u00fcfungen fanden ohne Verz\u00f6gerungen statt und am Ende war alles schnell wieder aufger\u00e4umt.<\/p><p>Zuletzt m\u00f6chten wir uns nochmal bei allen Sponsoren f\u00fcr die tollen Ehrenpreise und auch\u00a0die finanzielle Unterst\u00fctzung bedanken!<\/p><p>Wir freuen uns schon aufs n\u00e4chste Jahr!<\/p><p>(Termin 15.06.2024 \u2013 macht schon mal ein Kreuz in den Kalender!)<img loading=\"lazy\" decoding=\"async\" class=\"size-medium wp-image-1253 alignright\" src=\"http:\/\/lzrfv-oberberg-sued.herking.de\/wp-content\/uploads\/2023\/05\/Sponsoren-1-260x300.jpg\" alt=\"\" width=\"260\" height=\"300\" srcset=\"http:\/\/lzrfv-oberberg-sued.herking.de\/wp-content\/uploads\/2023\/05\/Sponsoren-1-260x300.jpg 260w, http:\/\/lzrfv-oberberg-sued.herking.de\/wp-content\/uploads\/2023\/05\/Sponsoren-1-768x887.jpg 768w, http:\/\/lzrfv-oberberg-sued.herking.de\/wp-content\/uploads\/2023\/05\/Sponsoren-1.jpg 857w\" sizes=\"(max-width: 260px) 100vw, 260px\" \/> <img loading=\"lazy\" decoding=\"async\" class=\"size-medium wp-image-1282 alignright\" src=\"http:\/\/lzrfv-oberberg-sued.herking.de\/wp-content\/uploads\/2023\/06\/Dankeschoen-212x300.jpg\" alt=\"\" width=\"212\" height=\"300\" srcset=\"http:\/\/lzrfv-oberberg-sued.herking.de\/wp-content\/uploads\/2023\/06\/Dankeschoen-212x300.jpg 212w, http:\/\/lzrfv-oberberg-sued.herking.de\/wp-content\/uploads\/2023\/06\/Dankeschoen.jpg 556w\" sizes=\"(max-width: 212px) 100vw, 212px\" \/><\/p><\/div>\n\t\t\t\t\t\t\t<\/div>\n\t\t<\/div>\n\t\t\t\t\t\t<\/div>\n\t\t\t\t<\/div>\n\t\t\t\t\t<\/div>\n\t\t<\/div>\n\t\t\t\t\t<\/div>\n\t\t<\/section>\n\t\t\t\t<section class=\"elementor-section elementor-top-section elementor-element elementor-element-ec06bd4 elementor-section-boxed elementor-section-height-default elementor-section-height-default\" data-id=\"ec06bd4\" data-element_type=\"section\" data-e-type=\"section\">\n\t\t\t\t\t\t<div class=\"elementor-container elementor-column-gap-default\">\n\t\t\t\t\t<div class=\"elementor-column elementor-col-100 elementor-top-column elementor-element elementor-element-f0bf2b0\" data-id=\"f0bf2b0\" data-element_type=\"column\" data-e-type=\"column\">\n\t\t\t<div class=\"elementor-widget-wrap elementor-element-populated\">\n\t\t\t\t\t\t<div class=\"elementor-element elementor-element-c581b9f elementor-widget elementor-widget-text-editor\" data-id=\"c581b9f\" data-element_type=\"widget\" data-e-type=\"widget\" data-widget_type=\"text-editor.default\">\n\t\t\t\t<div class=\"elementor-widget-container\">\n\t\t\t\t\t\t\t\t\t<h3>Der Turniergruppe k\u00f6nnen Sie auch gerne bei Instagram folgen<\/h3>\t\t\t\t\t\t\t\t<\/div>\n\t\t\t\t<\/div>\n\t\t\t\t<div class=\"elementor-element elementor-element-f82b5fd elementor-view-default elementor-widget elementor-widget-icon\" data-id=\"f82b5fd\" data-element_type=\"widget\" data-e-type=\"widget\" data-widget_type=\"icon.default\">\n\t\t\t\t<div class=\"elementor-widget-container\">\n\t\t\t\t\t\t\t<div class=\"elementor-icon-wrapper\">\n\t\t\t<a class=\"elementor-icon\" href=\"https:\/\/www.instagram.com\/volti__oberberg_sued\/\">\n\t\t\t<i aria-hidden=\"true\" class=\"fab fa-instagram\"><\/i>\t\t\t<\/a>\n\t\t<\/div>\n\t\t\t\t\t\t<\/div>\n\t\t\t\t<\/div>\n\t\t\t\t\t<\/div>\n\t\t<\/div>\n\t\t\t\t\t<\/div>\n\t\t<\/section>\n\t\t\t\t<section class=\"elementor-section elementor-top-section elementor-element elementor-element-257091d elementor-section-boxed elementor-section-height-default elementor-section-height-default\" data-id=\"257091d\" data-element_type=\"section\" data-e-type=\"section\">\n\t\t\t\t\t\t<div class=\"elementor-container elementor-column-gap-default\">\n\t\t\t\t\t<div class=\"elementor-column elementor-col-100 elementor-top-column elementor-element elementor-element-27e9c2d\" data-id=\"27e9c2d\" data-element_type=\"column\" data-e-type=\"column\">\n\t\t\t<div class=\"elementor-widget-wrap\">\n\t\t\t\t\t\t\t<\/div>\n\t\t<\/div>\n\t\t\t\t\t<\/div>\n\t\t<\/section>\n\t\t\t\t<section class=\"elementor-section elementor-top-section elementor-element elementor-element-1f9af4a elementor-section-boxed elementor-section-height-default elementor-section-height-default\" data-id=\"1f9af4a\" data-element_type=\"section\" data-e-type=\"section\">\n\t\t\t\t\t\t<div class=\"elementor-container elementor-column-gap-default\">\n\t\t\t\t\t<div class=\"elementor-column elementor-col-100 elementor-top-column elementor-element elementor-element-7824fb5\" data-id=\"7824fb5\" data-element_type=\"column\" data-e-type=\"column\">\n\t\t\t<div class=\"elementor-widget-wrap\">\n\t\t\t\t\t\t\t<\/div>\n\t\t<\/div>\n\t\t\t\t\t<\/div>\n\t\t<\/section>\n\t\t\t\t<section class=\"elementor-section elementor-top-section elementor-element elementor-element-b6d87e8 elementor-section-boxed elementor-section-height-default elementor-section-height-default\" data-id=\"b6d87e8\" data-element_type=\"section\" data-e-type=\"section\">\n\t\t\t\t\t\t<div class=\"elementor-container elementor-column-gap-default\">\n\t\t\t\t\t<div class=\"elementor-column elementor-col-100 elementor-top-column elementor-element elementor-element-64b8dfc\" data-id=\"64b8dfc\" data-element_type=\"column\" data-e-type=\"column\">\n\t\t\t<div class=\"elementor-widget-wrap elementor-element-populated\">\n\t\t\t\t\t\t<div class=\"elementor-element elementor-element-07f5d4e elementor-widget__width-initial elementor-widget elementor-widget-video\" data-id=\"07f5d4e\" data-element_type=\"widget\" data-e-type=\"widget\" data-settings=\"{&quot;video_type&quot;:&quot;hosted&quot;,&quot;start&quot;:1,&quot;autoplay&quot;:&quot;yes&quot;,&quot;play_on_mobile&quot;:&quot;yes&quot;,&quot;controls&quot;:&quot;yes&quot;}\" data-widget_type=\"video.default\">\n\t\t\t\t<div class=\"elementor-widget-container\">\n\t\t\t\t\t\t\t<div class=\"e-hosted-video elementor-wrapper elementor-open-inline\">\n\t\t\t\t\t<video class=\"elementor-video\" src=\"http:\/\/lzrfv-oberberg-sued.herking.de\/wp-content\/uploads\/2022\/09\/WhatsApp-Video-2022-09-01-at-09.04.14.mp4#t=1\" autoplay=\"\" controls=\"\" playsinline=\"\" controlsList=\"nodownload\"><\/video>\n\t\t\t\t<\/div>\n\t\t\t\t\t\t<\/div>\n\t\t\t\t<\/div>\n\t\t\t\t\t<\/div>\n\t\t<\/div>\n\t\t\t\t\t<\/div>\n\t\t<\/section>\n\t\t\t\t<section class=\"elementor-section elementor-top-section elementor-element elementor-element-374258a elementor-section-boxed elementor-section-height-default elementor-section-height-default\" data-id=\"374258a\" data-element_type=\"section\" data-e-type=\"section\">\n\t\t\t\t\t\t<div class=\"elementor-container elementor-column-gap-default\">\n\t\t\t\t\t<div class=\"elementor-column elementor-col-100 elementor-top-column elementor-element elementor-element-31dab2f\" data-id=\"31dab2f\" data-element_type=\"column\" data-e-type=\"column\">\n\t\t\t<div class=\"elementor-widget-wrap\">\n\t\t\t\t\t\t\t<\/div>\n\t\t<\/div>\n\t\t\t\t\t<\/div>\n\t\t<\/section>\n\t\t\t\t<section class=\"elementor-section elementor-top-section elementor-element elementor-element-21b5aa4 elementor-section-boxed elementor-section-height-default elementor-section-height-default\" data-id=\"21b5aa4\" data-element_type=\"section\" data-e-type=\"section\">\n\t\t\t\t\t\t<div class=\"elementor-container elementor-column-gap-default\">\n\t\t\t\t\t<div class=\"elementor-column elementor-col-100 elementor-top-column elementor-element elementor-element-9f68f31\" data-id=\"9f68f31\" data-element_type=\"column\" data-e-type=\"column\">\n\t\t\t<div class=\"elementor-widget-wrap\">\n\t\t\t\t\t\t\t<\/div>\n\t\t<\/div>\n\t\t\t\t\t<\/div>\n\t\t<\/section>\n\t\t\t\t<\/div>\n\t\t","protected":false},"excerpt":{"rendered":"<p>Voltigieren Gruppen Trainingszeiten Berichte Voltigieren F\u00fcr Schnupperstunden k\u00f6nnen Sie sich gerne an Bianca 0170\/5242545 wenden.\u00a0 Eine Schnupperstunde kostet 13 \u20ac. Wir bieten Voltigieren regul\u00e4r ab 5 Jahren (im Einzelfall auch schon ab 4 Jahren)\u00a0 bis ins hohe Alter an. Insgesamt haben wir 7 Volti-Gruppen, die verschiedene Leistungsklassen haben.\u00a0 F\u00fcr uns ist wichtig, dass das Pferd [&hellip;]<\/p>\n","protected":false},"author":1,"featured_media":0,"parent":0,"menu_order":0,"comment_status":"closed","ping_status":"closed","template":"","meta":{"ocean_post_layout":"full-width","ocean_both_sidebars_style":"","ocean_both_sidebars_content_width":0,"ocean_both_sidebars_sidebars_width":0,"ocean_sidebar":"0","ocean_second_sidebar":"0","ocean_disable_margins":"enable","ocean_add_body_class":"","ocean_shortcode_before_top_bar":"","ocean_shortcode_after_top_bar":"","ocean_shortcode_before_header":"","ocean_shortcode_after_header":"","ocean_has_shortcode":"","ocean_shortcode_after_title":"","ocean_shortcode_before_footer_widgets":"","ocean_shortcode_after_footer_widgets":"","ocean_shortcode_before_footer_bottom":"","ocean_shortcode_after_footer_bottom":"","ocean_display_top_bar":"default","ocean_display_header":"default","ocean_header_style":"","ocean_center_header_left_menu":"0","ocean_custom_header_template":"0","ocean_custom_logo":0,"ocean_custom_retina_logo":0,"ocean_custom_logo_max_width":0,"ocean_custom_logo_tablet_max_width":0,"ocean_custom_logo_mobile_max_width":0,"ocean_custom_logo_max_height":0,"ocean_custom_logo_tablet_max_height":0,"ocean_custom_logo_mobile_max_height":0,"ocean_header_custom_menu":"0","ocean_menu_typo_font_family":"0","ocean_menu_typo_font_subset":"","ocean_menu_typo_font_size":0,"ocean_menu_typo_font_size_tablet":0,"ocean_menu_typo_font_size_mobile":0,"ocean_menu_typo_font_size_unit":"px","ocean_menu_typo_font_weight":"","ocean_menu_typo_font_weight_tablet":"","ocean_menu_typo_font_weight_mobile":"","ocean_menu_typo_transform":"","ocean_menu_typo_transform_tablet":"","ocean_menu_typo_transform_mobile":"","ocean_menu_typo_line_height":0,"ocean_menu_typo_line_height_tablet":0,"ocean_menu_typo_line_height_mobile":0,"ocean_menu_typo_line_height_unit":"","ocean_menu_typo_spacing":0,"ocean_menu_typo_spacing_tablet":0,"ocean_menu_typo_spacing_mobile":0,"ocean_menu_typo_spacing_unit":"","ocean_menu_link_color":"","ocean_menu_link_color_hover":"","ocean_menu_link_color_active":"","ocean_menu_link_background":"","ocean_menu_link_hover_background":"","ocean_menu_link_active_background":"","ocean_menu_social_links_bg":"","ocean_menu_social_hover_links_bg":"","ocean_menu_social_links_color":"","ocean_menu_social_hover_links_color":"","ocean_disable_title":"default","ocean_disable_heading":"default","ocean_post_title":"","ocean_post_subheading":"","ocean_post_title_style":"","ocean_post_title_background_color":"","ocean_post_title_background":0,"ocean_post_title_bg_image_position":"","ocean_post_title_bg_image_attachment":"","ocean_post_title_bg_image_repeat":"","ocean_post_title_bg_image_size":"","ocean_post_title_height":0,"ocean_post_title_bg_overlay":0.5,"ocean_post_title_bg_overlay_color":"","ocean_disable_breadcrumbs":"default","ocean_breadcrumbs_color":"","ocean_breadcrumbs_separator_color":"","ocean_breadcrumbs_links_color":"","ocean_breadcrumbs_links_hover_color":"","ocean_display_footer_widgets":"default","ocean_display_footer_bottom":"default","ocean_custom_footer_template":"0","footnotes":""},"class_list":["post-401","page","type-page","status-publish","hentry","entry"],"_links":{"self":[{"href":"http:\/\/lzrfv-oberberg-sued.herking.de\/index.php?rest_route=\/wp\/v2\/pages\/401"}],"collection":[{"href":"http:\/\/lzrfv-oberberg-sued.herking.de\/index.php?rest_route=\/wp\/v2\/pages"}],"about":[{"href":"http:\/\/lzrfv-oberberg-sued.herking.de\/index.php?rest_route=\/wp\/v2\/types\/page"}],"author":[{"embeddable":true,"href":"http:\/\/lzrfv-oberberg-sued.herking.de\/index.php?rest_route=\/wp\/v2\/users\/1"}],"replies":[{"embeddable":true,"href":"http:\/\/lzrfv-oberberg-sued.herking.de\/index.php?rest_route=%2Fwp%2Fv2%2Fcomments&post=401"}],"version-history":[{"count":245,"href":"http:\/\/lzrfv-oberberg-sued.herking.de\/index.php?rest_route=\/wp\/v2\/pages\/401\/revisions"}],"predecessor-version":[{"id":2192,"href":"http:\/\/lzrfv-oberberg-sued.herking.de\/index.php?rest_route=\/wp\/v2\/pages\/401\/revisions\/2192"}],"wp:attachment":[{"href":"http:\/\/lzrfv-oberberg-sued.herking.de\/index.php?rest_route=%2Fwp%2Fv2%2Fmedia&parent=401"}],"curies":[{"name":"wp","href":"https:\/\/api.w.org\/{rel}","templated":true}]}}